{"id":111,"date":"2022-01-17T15:26:20","date_gmt":"2022-01-17T14:26:20","guid":{"rendered":"https:\/\/www.juriplus.pro\/?page_id=111"},"modified":"2024-12-11T08:07:05","modified_gmt":"2024-12-11T07:07:05","slug":"jennifer-rouzier","status":"publish","type":"page","link":"https:\/\/www.juriplus.pro\/index.php\/jennifer-rouzier\/","title":{"rendered":"Jennifer ROUZIER"},"content":{"rendered":"\t\t<div data-elementor-type=\"wp-page\" data-elementor-id=\"111\" class=\"elementor elementor-111\" data-elementor-post-type=\"page\">\n\t\t\t\t\t\t<section class=\"elementor-section elementor-top-section elementor-element elementor-element-eb39b4e elementor-hidden-tablet elementor-hidden-mobile elementor-section-boxed elementor-section-height-default elementor-section-height-default\" data-id=\"eb39b4e\" data-element_type=\"section\">\n\t\t\t\t\t\t<div class=\"elementor-container elementor-column-gap-default\">\n\t\t\t\t\t<div class=\"elementor-column elementor-col-33 elementor-top-column elementor-element elementor-element-a89a214\" data-id=\"a89a214\" data-element_type=\"column\">\n\t\t\t<div class=\"elementor-widget-wrap elementor-element-populated\">\n\t\t\t\t\t\t<div class=\"elementor-element elementor-element-ced265c elementor-widget elementor-widget-heading\" data-id=\"ced265c\" data-element_type=\"widget\" data-widget_type=\"heading.default\">\n\t\t\t\t<div class=\"elementor-widget-container\">\n\t\t\t\t\t<h1 class=\"elementor-heading-title elementor-size-default\">Jennifer ROUZIER<\/h1>\t\t\t\t<\/div>\n\t\t\t\t<\/div>\n\t\t\t\t<div class=\"elementor-element elementor-element-62b6902 elementor-widget elementor-widget-heading\" data-id=\"62b6902\" data-element_type=\"widget\" data-widget_type=\"heading.default\">\n\t\t\t\t<div class=\"elementor-widget-container\">\n\t\t\t\t\t<h2 class=\"elementor-heading-title elementor-size-default\">Consultante juridique ind\u00e9pendante bas\u00e9e en Corr\u00e8ze<\/h2>\t\t\t\t<\/div>\n\t\t\t\t<\/div>\n\t\t\t\t<div class=\"elementor-element elementor-element-0ac6dfa elementor-widget elementor-widget-text-editor\" data-id=\"0ac6dfa\" data-element_type=\"widget\" data-widget_type=\"text-editor.default\">\n\t\t\t\t<div class=\"elementor-widget-container\">\n\t\t\t\t\t\t\t\t\t<p>Juri Plus est n\u00e9 d\u2019un constat simple. Toute entreprise, quelle que soit sa taille, ses statuts et son secteur d\u2019activit\u00e9, doit pouvoir disposer de conseils avis\u00e9s \u00e0 leur port\u00e9e en droit public. Ainsi, gr\u00e2ce aux <strong>services externalis\u00e9s<\/strong> que je vous propose \u00e0 travers Juri Plus, toutes les entreprises priv\u00e9es qui le souhaitent seront en mesure de <strong>r\u00e9pondre \u00e0 un appel d\u2019<\/strong><strong>offre<\/strong><strong>s dans le cadre d\u2019un march\u00e9 public. <\/strong>C\u2019est une opportunit\u00e9 de d\u00e9veloppement pour votre activit\u00e9 qui devient r\u00e9alisable, simple et accessible\u00a0!\u00a0\u00a0<\/p><p>Je m\u2019appelle Jennifer Rouzier et je suis dipl\u00f4m\u00e9e d\u2019un <strong>Master<\/strong><strong> 2 en Droit public des affaires,<\/strong> avec une sp\u00e9cialit\u00e9 en <strong>march\u00e9s publics <\/strong>et <strong>finances publiques, obtenu \u00e0 l\u2019Universit\u00e9 de Bordeaux en 2019<\/strong>. Mes exp\u00e9riences tr\u00e8s diversifi\u00e9es au sein d&rsquo;une entreprise sociale de l&rsquo;habitat \u00e0 Bordeaux en tant qu\u2019acheteur public et juriste sp\u00e9cialis\u00e9e en droit public, m\u2019offrent la possibilit\u00e9 d\u2019intervenir \u00e0 deux niveaux\u00a0:\u00a0<\/p><ul><li>D\u2019une part, je peux assister les acteurs publics pour construire leurs <strong>appels d\u2019<\/strong><strong>offres<\/strong><strong> et lancer leur march\u00e9. <\/strong>Mon accompagnement va de la <strong>r\u00e9daction de toutes les pi\u00e8ces constitutives<\/strong> du march\u00e9, \u00e0 la publication sur les plateformes d\u00e9mat\u00e9rialis\u00e9es, jusqu\u2019\u00e0 l\u2019analyse des offres.<\/li><\/ul><p><strong>\u00a0<\/strong><\/p><ul><li>D\u2019autre part, je mets en avant le<strong> savoir-faire des entreprises\u00a0<\/strong>dans le respect des r\u00e8gles de la commande publique pour r\u00e9pondre \u00e0 des appels d\u2019offres. Cet accompagnement peut \u00eatre ponctuel ou \u00eatre op\u00e9r\u00e9 sur la dur\u00e9e avec la mise en place d\u2019une <strong>v\u00e9ritable gestion des march\u00e9s publics <\/strong>au sein de leur entreprise<\/li><\/ul>\t\t\t\t\t\t\t\t<\/div>\n\t\t\t\t<\/div>\n\t\t\t\t\t<\/div>\n\t\t<\/div>\n\t\t\t\t<div class=\"elementor-column elementor-col-33 elementor-top-column elementor-element elementor-element-8a54979\" data-id=\"8a54979\" data-element_type=\"column\">\n\t\t\t<div class=\"elementor-widget-wrap\">\n\t\t\t\t\t\t\t<\/div>\n\t\t<\/div>\n\t\t\t\t<div class=\"elementor-column elementor-col-33 elementor-top-column elementor-element elementor-element-4399092\" data-id=\"4399092\" data-element_type=\"column\">\n\t\t\t<div class=\"elementor-widget-wrap elementor-element-populated\">\n\t\t\t\t\t\t<div class=\"elementor-element elementor-element-475b037 elementor-widget elementor-widget-image\" data-id=\"475b037\" data-element_type=\"widget\" data-widget_type=\"image.default\">\n\t\t\t\t<div class=\"elementor-widget-container\">\n\t\t\t\t\t\t\t\t\t\t\t\t\t\t\t<img fetchpriority=\"high\" decoding=\"async\" width=\"1365\" height=\"2048\" src=\"https:\/\/www.juriplus.pro\/wp-content\/uploads\/2024\/12\/Jennifer-Brive-Juin-2024-18-1365x2048.jpeg\" class=\"attachment-2048x2048 size-2048x2048 wp-image-671\" alt=\"\" srcset=\"https:\/\/www.juriplus.pro\/wp-content\/uploads\/2024\/12\/Jennifer-Brive-Juin-2024-18-1365x2048.jpeg 1365w, https:\/\/www.juriplus.pro\/wp-content\/uploads\/2024\/12\/Jennifer-Brive-Juin-2024-18-200x300.jpeg 200w, https:\/\/www.juriplus.pro\/wp-content\/uploads\/2024\/12\/Jennifer-Brive-Juin-2024-18-683x1024.jpeg 683w, https:\/\/www.juriplus.pro\/wp-content\/uploads\/2024\/12\/Jennifer-Brive-Juin-2024-18-768x1152.jpeg 768w, https:\/\/www.juriplus.pro\/wp-content\/uploads\/2024\/12\/Jennifer-Brive-Juin-2024-18-1024x1536.jpeg 1024w, https:\/\/www.juriplus.pro\/wp-content\/uploads\/2024\/12\/Jennifer-Brive-Juin-2024-18-scaled.jpeg 1707w\" sizes=\"(max-width: 1365px) 100vw, 1365px\" \/>\t\t\t\t\t\t\t\t\t\t\t\t\t\t\t<\/div>\n\t\t\t\t<\/div>\n\t\t\t\t<div class=\"elementor-element elementor-element-bdacb3d elementor-absolute elementor-widget elementor-widget-heading\" data-id=\"bdacb3d\" data-element_type=\"widget\" data-settings=\"{&quot;_position&quot;:&quot;absolute&quot;}\" data-widget_type=\"heading.default\">\n\t\t\t\t<div class=\"elementor-widget-container\">\n\t\t\t\t\t<h2 class=\"elementor-heading-title elementor-size-default\">Simplifier l\u2019acc\u00e8s aux march\u00e9s publics est la mission premi\u00e8re de Juri Plus<\/h2>\t\t\t\t<\/div>\n\t\t\t\t<\/div>\n\t\t\t\t\t<\/div>\n\t\t<\/div>\n\t\t\t\t\t<\/div>\n\t\t<\/section>\n\t\t\t\t<section class=\"elementor-section elementor-top-section elementor-element elementor-element-8bf876f elementor-hidden-desktop elementor-section-boxed elementor-section-height-default elementor-section-height-default\" data-id=\"8bf876f\" data-element_type=\"section\">\n\t\t\t\t\t\t<div class=\"elementor-container elementor-column-gap-default\">\n\t\t\t\t\t<div class=\"elementor-column elementor-col-25 elementor-top-column elementor-element elementor-element-7bf066f\" data-id=\"7bf066f\" data-element_type=\"column\">\n\t\t\t<div class=\"elementor-widget-wrap elementor-element-populated\">\n\t\t\t\t\t\t<div class=\"elementor-element elementor-element-9f25c6d elementor-widget elementor-widget-heading\" data-id=\"9f25c6d\" data-element_type=\"widget\" data-widget_type=\"heading.default\">\n\t\t\t\t<div class=\"elementor-widget-container\">\n\t\t\t\t\t<h2 class=\"elementor-heading-title elementor-size-default\">Jennifer ROUZIER<\/h2>\t\t\t\t<\/div>\n\t\t\t\t<\/div>\n\t\t\t\t<div class=\"elementor-element elementor-element-2b09a99 elementor-widget elementor-widget-heading\" data-id=\"2b09a99\" data-element_type=\"widget\" data-widget_type=\"heading.default\">\n\t\t\t\t<div class=\"elementor-widget-container\">\n\t\t\t\t\t<h1 class=\"elementor-heading-title elementor-size-default\">Consultante juridique ind\u00e9pendante bas\u00e9e en Corr\u00e8ze<\/h1>\t\t\t\t<\/div>\n\t\t\t\t<\/div>\n\t\t\t\t<div class=\"elementor-element elementor-element-bf39821 elementor-widget elementor-widget-text-editor\" data-id=\"bf39821\" data-element_type=\"widget\" data-widget_type=\"text-editor.default\">\n\t\t\t\t<div class=\"elementor-widget-container\">\n\t\t\t\t\t\t\t\t\t<p>Juri Plus est n\u00e9 d\u2019un constat simple. Toutes les entreprises, quels que soient leurs tailles, leurs statuts et leurs secteurs d\u2019activit\u00e9, doivent pouvoir disposer de conseils avis\u00e9s \u00e0 leur port\u00e9e en droit public. Ainsi, gr\u00e2ce aux <strong>services externalis\u00e9s<\/strong> que je vous propose \u00e0 travers Juri Plus, toutes les entreprises priv\u00e9es qui le souhaitent seront en mesure de <strong>r\u00e9pondre \u00e0 un appel d\u2019<\/strong><strong>offre<\/strong><strong>s dans le cadre d\u2019un march\u00e9 public. <\/strong>C\u2019est une opportunit\u00e9 de d\u00e9veloppement pour votre activit\u00e9 qui devient r\u00e9alisable, simple et accessible\u00a0!\u00a0\u00a0<\/p><p>Je m\u2019appelle Jennifer Rouzier et je suis dipl\u00f4m\u00e9e d\u2019un <strong>Master<\/strong><strong>\u00a02 en droit public des affaires,<\/strong> avec une sp\u00e9cialit\u00e9 en <strong>march\u00e9s publics <\/strong>et <strong>finances publiques obtenu \u00e0 l\u2019universit\u00e9 de Bordeaux en 2019<\/strong>. Mes exp\u00e9riences tr\u00e8s diversifi\u00e9es au sein d&rsquo;une entreprise sociale de l&rsquo;habitat \u00e0 Bordeaux en tant qu\u2019acheteur public et juriste sp\u00e9cialis\u00e9e en droit public, m\u2019offrent la possibilit\u00e9 d\u2019intervenir \u00e0 deux niveaux\u00a0:\u00a0<\/p><ul><li>D\u2019une part, je peux assister les collectivit\u00e9s locales pour construire leurs <strong>appels d\u2019<\/strong><strong>offres<\/strong><strong> et lancer leur march\u00e9. <\/strong>Mon accompagnement va de la <strong>r\u00e9daction de toutes les pi\u00e8ces constitutives<\/strong> du march\u00e9, \u00e0 la publication sur les plateformes d\u00e9mat\u00e9rialis\u00e9es, jusqu\u2019\u00e0 l\u2019analyse des offres.<\/li><\/ul><ul><li>D\u2019autre part, je mets en avant le<strong> savoir-faire des entreprises\u00a0<\/strong>dans le respect des r\u00e8gles de la commande publique pour r\u00e9pondre \u00e0 des appels d\u2019offres. Cet accompagnement peut \u00eatre ponctuel ou \u00eatre op\u00e9r\u00e9 sur la dur\u00e9e avec la mise en place d\u2019une <strong>v\u00e9ritable gestion des march\u00e9s publics <\/strong>au sein de leur entreprise.<\/li><\/ul><div>\u00a0<\/div><p>Convaincue que cette<strong> double comp\u00e9tence <\/strong>peut \u00eatre une aide pr\u00e9cieuse pour de nombreuses structures, j\u2019ai tout de suite souhait\u00e9 m\u2019installer en tant que <strong>consultante juridique ind\u00e9pendante sp\u00e9cialis\u00e9 en droit public\u00a0<\/strong>\u00e0 Malemort pr\u00e8s de Brive en Corr\u00e8ze, ma terre d\u2019origine.<\/p><p>Depuis le mois de septembre 2021, avec Juri Plus, j\u2019apporte une <strong>r\u00e9<\/strong><strong>ponse adapt<\/strong><strong>\u00e9e en march\u00e9s publics <\/strong>aux besoins des TPE\/PME, des petites collectivit\u00e9s locales et des structures associatives loi\u00a01901. Je les accompagne dans la <strong>passation des march\u00e9s publics \u00e0 <\/strong><strong>Brive, <\/strong><strong>\u00e0 Malemort<\/strong> et sur <strong>toutes les communes de la Corr\u00e8ze<\/strong>. Au-del\u00e0 et \u00e0 votre demande, je peux intervenir aupr\u00e8s d\u2019entreprises install\u00e9es \u00e0 Bordeaux, en Nouvelle-Aquitaine et partout en France.\u00a0<\/p>\t\t\t\t\t\t\t\t<\/div>\n\t\t\t\t<\/div>\n\t\t\t\t\t<\/div>\n\t\t<\/div>\n\t\t\t\t<div class=\"elementor-column elementor-col-25 elementor-top-column elementor-element elementor-element-ffc172d\" data-id=\"ffc172d\" data-element_type=\"column\">\n\t\t\t<div class=\"elementor-widget-wrap elementor-element-populated\">\n\t\t\t\t\t\t<div class=\"elementor-element elementor-element-77cb7a6 elementor-widget elementor-widget-image\" data-id=\"77cb7a6\" data-element_type=\"widget\" data-widget_type=\"image.default\">\n\t\t\t\t<div class=\"elementor-widget-container\">\n\t\t\t\t\t\t\t\t\t\t\t\t\t\t\t<img decoding=\"async\" width=\"768\" height=\"512\" src=\"https:\/\/www.juriplus.pro\/wp-content\/uploads\/2022\/03\/DSC09154-768x512.jpg\" class=\"attachment-medium_large size-medium_large wp-image-328\" alt=\"jennifer\" srcset=\"https:\/\/www.juriplus.pro\/wp-content\/uploads\/2022\/03\/DSC09154-768x512.jpg 768w, https:\/\/www.juriplus.pro\/wp-content\/uploads\/2022\/03\/DSC09154-300x200.jpg 300w, https:\/\/www.juriplus.pro\/wp-content\/uploads\/2022\/03\/DSC09154-1024x683.jpg 1024w, https:\/\/www.juriplus.pro\/wp-content\/uploads\/2022\/03\/DSC09154-1536x1024.jpg 1536w, https:\/\/www.juriplus.pro\/wp-content\/uploads\/2022\/03\/DSC09154-2048x1365.jpg 2048w\" sizes=\"(max-width: 768px) 100vw, 768px\" \/>\t\t\t\t\t\t\t\t\t\t\t\t\t\t\t<\/div>\n\t\t\t\t<\/div>\n\t\t\t\t\t<\/div>\n\t\t<\/div>\n\t\t\t\t<div class=\"elementor-column elementor-col-25 elementor-top-column elementor-element elementor-element-96a7f23\" data-id=\"96a7f23\" data-element_type=\"column\">\n\t\t\t<div class=\"elementor-widget-wrap elementor-element-populated\">\n\t\t\t\t\t\t<div class=\"elementor-element elementor-element-87e562c elementor-widget elementor-widget-image\" data-id=\"87e562c\" data-element_type=\"widget\" data-widget_type=\"image.default\">\n\t\t\t\t<div class=\"elementor-widget-container\">\n\t\t\t\t\t\t\t\t\t\t\t\t\t\t\t<img decoding=\"async\" width=\"768\" height=\"512\" src=\"https:\/\/www.juriplus.pro\/wp-content\/uploads\/2022\/03\/275751160_629285251445270_1401668783193593822_n-768x512.jpg\" class=\"attachment-medium_large size-medium_large wp-image-326\" alt=\"document\" srcset=\"https:\/\/www.juriplus.pro\/wp-content\/uploads\/2022\/03\/275751160_629285251445270_1401668783193593822_n-768x512.jpg 768w, https:\/\/www.juriplus.pro\/wp-content\/uploads\/2022\/03\/275751160_629285251445270_1401668783193593822_n-300x200.jpg 300w, https:\/\/www.juriplus.pro\/wp-content\/uploads\/2022\/03\/275751160_629285251445270_1401668783193593822_n-1024x683.jpg 1024w, https:\/\/www.juriplus.pro\/wp-content\/uploads\/2022\/03\/275751160_629285251445270_1401668783193593822_n-1536x1024.jpg 1536w, https:\/\/www.juriplus.pro\/wp-content\/uploads\/2022\/03\/275751160_629285251445270_1401668783193593822_n.jpg 2048w\" sizes=\"(max-width: 768px) 100vw, 768px\" \/>\t\t\t\t\t\t\t\t\t\t\t\t\t\t\t<\/div>\n\t\t\t\t<\/div>\n\t\t\t\t\t<\/div>\n\t\t<\/div>\n\t\t\t\t<div class=\"elementor-column elementor-col-25 elementor-top-column elementor-element elementor-element-52b00c8\" data-id=\"52b00c8\" data-element_type=\"column\">\n\t\t\t<div class=\"elementor-widget-wrap elementor-element-populated\">\n\t\t\t\t\t\t<div class=\"elementor-element elementor-element-813ab6a elementor-widget elementor-widget-heading\" data-id=\"813ab6a\" data-element_type=\"widget\" data-widget_type=\"heading.default\">\n\t\t\t\t<div class=\"elementor-widget-container\">\n\t\t\t\t\t<h2 class=\"elementor-heading-title elementor-size-default\">Simplifier l\u2019acc\u00e8s aux <br \/>march\u00e9s publics est la <br \/>mission premi\u00e8re de Juri Plus<\/h2>\t\t\t\t<\/div>\n\t\t\t\t<\/div>\n\t\t\t\t\t<\/div>\n\t\t<\/div>\n\t\t\t\t\t<\/div>\n\t\t<\/section>\n\t\t\t\t<section class=\"elementor-section elementor-top-section elementor-element elementor-element-f332c5b elementor-section-boxed elementor-section-height-default elementor-section-height-default\" data-id=\"f332c5b\" data-element_type=\"section\" data-settings=\"{&quot;background_background&quot;:&quot;classic&quot;}\">\n\t\t\t\t\t\t<div class=\"elementor-container elementor-column-gap-default\">\n\t\t\t\t\t<div class=\"elementor-column elementor-col-100 elementor-top-column elementor-element elementor-element-65934b9\" data-id=\"65934b9\" data-element_type=\"column\">\n\t\t\t<div class=\"elementor-widget-wrap elementor-element-populated\">\n\t\t\t\t\t\t<div class=\"elementor-element elementor-element-54a711d elementor-widget elementor-widget-heading\" data-id=\"54a711d\" data-element_type=\"widget\" data-widget_type=\"heading.default\">\n\t\t\t\t<div class=\"elementor-widget-container\">\n\t\t\t\t\t<h2 class=\"elementor-heading-title elementor-size-default\">Les valeurs port\u00e9es par Juri Plus<\/h2>\t\t\t\t<\/div>\n\t\t\t\t<\/div>\n\t\t\t\t<div class=\"elementor-element elementor-element-3dd60ef elementor-widget elementor-widget-text-editor\" data-id=\"3dd60ef\" data-element_type=\"widget\" data-widget_type=\"text-editor.default\">\n\t\t\t\t<div class=\"elementor-widget-container\">\n\t\t\t\t\t\t\t\t\t<p><em>Juri Plus r\u00e9pond aux appels d\u2019offres au nom de votre structure et vous conseille. J\u2019interviens en <strong>phase amont de la passation de vos march\u00e9s <\/strong><\/em><strong><em>public<\/em><\/strong><strong><em>s<\/em><\/strong><em> dans le respect de ces valeurs\u00a0: <\/em><\/p>\t\t\t\t\t\t\t\t<\/div>\n\t\t\t\t<\/div>\n\t\t\t\t<section class=\"elementor-section elementor-inner-section elementor-element elementor-element-aa21996 elementor-section-boxed elementor-section-height-default elementor-section-height-default\" data-id=\"aa21996\" data-element_type=\"section\">\n\t\t\t\t\t\t<div class=\"elementor-container elementor-column-gap-default\">\n\t\t\t\t\t<div class=\"elementor-column elementor-col-25 elementor-inner-column elementor-element elementor-element-97d5775\" data-id=\"97d5775\" data-element_type=\"column\" data-settings=\"{&quot;background_background&quot;:&quot;classic&quot;}\">\n\t\t\t<div class=\"elementor-widget-wrap elementor-element-populated\">\n\t\t\t\t\t\t<div class=\"elementor-element elementor-element-4ba6900 elementor-widget elementor-widget-image\" data-id=\"4ba6900\" data-element_type=\"widget\" data-widget_type=\"image.default\">\n\t\t\t\t<div class=\"elementor-widget-container\">\n\t\t\t\t\t\t\t\t\t\t\t\t\t\t\t<img loading=\"lazy\" decoding=\"async\" width=\"150\" height=\"150\" src=\"https:\/\/www.juriplus.pro\/wp-content\/uploads\/2022\/03\/reseau-150x150.png\" class=\"attachment-thumbnail size-thumbnail wp-image-265\" alt=\"libert\u00e9 d&#039;acc\u00e8s \u00e0 la commande publique\" srcset=\"https:\/\/www.juriplus.pro\/wp-content\/uploads\/2022\/03\/reseau-150x150.png 150w, https:\/\/www.juriplus.pro\/wp-content\/uploads\/2022\/03\/reseau-300x300.png 300w, https:\/\/www.juriplus.pro\/wp-content\/uploads\/2022\/03\/reseau.png 512w\" sizes=\"(max-width: 150px) 100vw, 150px\" \/>\t\t\t\t\t\t\t\t\t\t\t\t\t\t\t<\/div>\n\t\t\t\t<\/div>\n\t\t\t\t<div class=\"elementor-element elementor-element-e57923a elementor-widget elementor-widget-heading\" data-id=\"e57923a\" data-element_type=\"widget\" data-widget_type=\"heading.default\">\n\t\t\t\t<div class=\"elementor-widget-container\">\n\t\t\t\t\t<h3 class=\"elementor-heading-title elementor-size-default\">Libert\u00e9 d\u2019acc\u00e8s \u00e0 la commande publique<\/h3>\t\t\t\t<\/div>\n\t\t\t\t<\/div>\n\t\t\t\t<div class=\"elementor-element elementor-element-04a14b4 elementor-widget elementor-widget-text-editor\" data-id=\"04a14b4\" data-element_type=\"widget\" data-widget_type=\"text-editor.default\">\n\t\t\t\t<div class=\"elementor-widget-container\">\n\t\t\t\t\t\t\t\t\t<p>Toute personne physique ou morale, publique ou priv\u00e9e ou tout groupement de personnes, dot\u00e9 ou non de la personnalit\u00e9 morale peuvent se porter candidates \u00e0 l\u2019attribution d\u2019un march\u00e9 public, y compris les micro-entrepreneurs.<\/p>\t\t\t\t\t\t\t\t<\/div>\n\t\t\t\t<\/div>\n\t\t\t\t\t<\/div>\n\t\t<\/div>\n\t\t\t\t<div class=\"elementor-column elementor-col-25 elementor-inner-column elementor-element elementor-element-8ffedb6\" data-id=\"8ffedb6\" data-element_type=\"column\" data-settings=\"{&quot;background_background&quot;:&quot;classic&quot;}\">\n\t\t\t<div class=\"elementor-widget-wrap elementor-element-populated\">\n\t\t\t\t\t\t<div class=\"elementor-element elementor-element-23534c3 elementor-widget elementor-widget-image\" data-id=\"23534c3\" data-element_type=\"widget\" data-widget_type=\"image.default\">\n\t\t\t\t<div class=\"elementor-widget-container\">\n\t\t\t\t\t\t\t\t\t\t\t\t\t\t\t<img loading=\"lazy\" decoding=\"async\" width=\"150\" height=\"150\" src=\"https:\/\/www.juriplus.pro\/wp-content\/uploads\/2022\/03\/partager-150x150.png\" class=\"attachment-thumbnail size-thumbnail wp-image-263\" alt=\"partager\" srcset=\"https:\/\/www.juriplus.pro\/wp-content\/uploads\/2022\/03\/partager-150x150.png 150w, https:\/\/www.juriplus.pro\/wp-content\/uploads\/2022\/03\/partager-300x300.png 300w, https:\/\/www.juriplus.pro\/wp-content\/uploads\/2022\/03\/partager.png 512w\" sizes=\"(max-width: 150px) 100vw, 150px\" \/>\t\t\t\t\t\t\t\t\t\t\t\t\t\t\t<\/div>\n\t\t\t\t<\/div>\n\t\t\t\t<div class=\"elementor-element elementor-element-09d5106 elementor-widget elementor-widget-heading\" data-id=\"09d5106\" data-element_type=\"widget\" data-widget_type=\"heading.default\">\n\t\t\t\t<div class=\"elementor-widget-container\">\n\t\t\t\t\t<h3 class=\"elementor-heading-title elementor-size-default\">Transmission et partage<\/h3>\t\t\t\t<\/div>\n\t\t\t\t<\/div>\n\t\t\t\t<div class=\"elementor-element elementor-element-e4d1896 elementor-widget elementor-widget-text-editor\" data-id=\"e4d1896\" data-element_type=\"widget\" data-widget_type=\"text-editor.default\">\n\t\t\t\t<div class=\"elementor-widget-container\">\n\t\t\t\t\t\t\t\t\t<p>Toute l\u2019expertise en droit public de Juri Plus est \u00e0 votre disposition\u00a0: r\u00e9daction du m\u00e9moire technique, conseils en strat\u00e9gie, gestion r\u00e9guli\u00e8re de vos march\u00e9s publics, audit interne, veille juridique, formation, etc.<\/p>\t\t\t\t\t\t\t\t<\/div>\n\t\t\t\t<\/div>\n\t\t\t\t\t<\/div>\n\t\t<\/div>\n\t\t\t\t<div class=\"elementor-column elementor-col-25 elementor-inner-column elementor-element elementor-element-1f0e239\" data-id=\"1f0e239\" data-element_type=\"column\" data-settings=\"{&quot;background_background&quot;:&quot;classic&quot;}\">\n\t\t\t<div class=\"elementor-widget-wrap elementor-element-populated\">\n\t\t\t\t\t\t<div class=\"elementor-element elementor-element-c2ae4b2 elementor-widget elementor-widget-image\" data-id=\"c2ae4b2\" data-element_type=\"widget\" data-widget_type=\"image.default\">\n\t\t\t\t<div class=\"elementor-widget-container\">\n\t\t\t\t\t\t\t\t\t\t\t\t\t\t\t<img loading=\"lazy\" decoding=\"async\" width=\"150\" height=\"150\" src=\"https:\/\/www.juriplus.pro\/wp-content\/uploads\/2022\/03\/travaillant-150x150.png\" class=\"attachment-thumbnail size-thumbnail wp-image-266\" alt=\"efficacit\u00e9\" srcset=\"https:\/\/www.juriplus.pro\/wp-content\/uploads\/2022\/03\/travaillant-150x150.png 150w, https:\/\/www.juriplus.pro\/wp-content\/uploads\/2022\/03\/travaillant-300x300.png 300w, https:\/\/www.juriplus.pro\/wp-content\/uploads\/2022\/03\/travaillant.png 512w\" sizes=\"(max-width: 150px) 100vw, 150px\" \/>\t\t\t\t\t\t\t\t\t\t\t\t\t\t\t<\/div>\n\t\t\t\t<\/div>\n\t\t\t\t<div class=\"elementor-element elementor-element-89cfb2e elementor-widget elementor-widget-heading\" data-id=\"89cfb2e\" data-element_type=\"widget\" data-widget_type=\"heading.default\">\n\t\t\t\t<div class=\"elementor-widget-container\">\n\t\t\t\t\t<h3 class=\"elementor-heading-title elementor-size-default\">Efficacit\u00e9 et agilit\u00e9<\/h3>\t\t\t\t<\/div>\n\t\t\t\t<\/div>\n\t\t\t\t<div class=\"elementor-element elementor-element-59b05c2 elementor-widget elementor-widget-text-editor\" data-id=\"59b05c2\" data-element_type=\"widget\" data-widget_type=\"text-editor.default\">\n\t\t\t\t<div class=\"elementor-widget-container\">\n\t\t\t\t\t\t\t\t\t<p>En externalisant une partie ou en int\u00e9gralit\u00e9 la gestion de vos march\u00e9s publics, vous optimisez votre efficacit\u00e9. Vous offrez de l\u2019<strong>agilit\u00e9 \u00e0 votre entreprise<\/strong>. Vous restez <strong>concentr<\/strong><strong>\u00e9s sur votre c\u0153ur de m\u00e9tier.<\/strong><\/p>\t\t\t\t\t\t\t\t<\/div>\n\t\t\t\t<\/div>\n\t\t\t\t\t<\/div>\n\t\t<\/div>\n\t\t\t\t<div class=\"elementor-column elementor-col-25 elementor-inner-column elementor-element elementor-element-6fe0ace\" data-id=\"6fe0ace\" data-element_type=\"column\" data-settings=\"{&quot;background_background&quot;:&quot;classic&quot;}\">\n\t\t\t<div class=\"elementor-widget-wrap elementor-element-populated\">\n\t\t\t\t\t\t<div class=\"elementor-element elementor-element-4f74fe0 elementor-widget elementor-widget-image\" data-id=\"4f74fe0\" data-element_type=\"widget\" data-widget_type=\"image.default\">\n\t\t\t\t<div class=\"elementor-widget-container\">\n\t\t\t\t\t\t\t\t\t\t\t\t\t\t\t<img loading=\"lazy\" decoding=\"async\" width=\"150\" height=\"150\" src=\"https:\/\/www.juriplus.pro\/wp-content\/uploads\/2022\/03\/travail-en-equipe-150x150.png\" class=\"attachment-thumbnail size-thumbnail wp-image-264\" alt=\"esprit d&#039;\u00e9quipe\" srcset=\"https:\/\/www.juriplus.pro\/wp-content\/uploads\/2022\/03\/travail-en-equipe-150x150.png 150w, https:\/\/www.juriplus.pro\/wp-content\/uploads\/2022\/03\/travail-en-equipe-300x300.png 300w, https:\/\/www.juriplus.pro\/wp-content\/uploads\/2022\/03\/travail-en-equipe.png 512w\" sizes=\"(max-width: 150px) 100vw, 150px\" \/>\t\t\t\t\t\t\t\t\t\t\t\t\t\t\t<\/div>\n\t\t\t\t<\/div>\n\t\t\t\t<div class=\"elementor-element elementor-element-da3db95 elementor-widget elementor-widget-heading\" data-id=\"da3db95\" data-element_type=\"widget\" data-widget_type=\"heading.default\">\n\t\t\t\t<div class=\"elementor-widget-container\">\n\t\t\t\t\t<h3 class=\"elementor-heading-title elementor-size-default\">Esprit d\u2019\u00e9quipe <\/h3>\t\t\t\t<\/div>\n\t\t\t\t<\/div>\n\t\t\t\t<div class=\"elementor-element elementor-element-a347d36 elementor-widget elementor-widget-text-editor\" data-id=\"a347d36\" data-element_type=\"widget\" data-widget_type=\"text-editor.default\">\n\t\t\t\t<div class=\"elementor-widget-container\">\n\t\t\t\t\t\t\t\t\t<p>Pour vous permettre d\u2019acc\u00e9der \u00e0 ces march\u00e9s, nous formerons une \u00e9quipe. Juri Plus entre en <strong>\u00ab\u00a0immersion de terrain\u00a0\u00bb <\/strong>pour bien vous positionner et exposer le meilleur de votre structure dans votre m\u00e9moire technique.<\/p>\t\t\t\t\t\t\t\t<\/div>\n\t\t\t\t<\/div>\n\t\t\t\t\t<\/div>\n\t\t<\/div>\n\t\t\t\t\t<\/div>\n\t\t<\/section>\n\t\t\t\t\t<\/div>\n\t\t<\/div>\n\t\t\t\t\t<\/div>\n\t\t<\/section>\n\t\t\t\t<section class=\"elementor-section elementor-top-section elementor-element elementor-element-52b9453 elementor-section-boxed elementor-section-height-default elementor-section-height-default\" data-id=\"52b9453\" data-element_type=\"section\">\n\t\t\t\t\t\t<div class=\"elementor-container elementor-column-gap-default\">\n\t\t\t\t\t<div class=\"elementor-column elementor-col-100 elementor-top-column elementor-element elementor-element-dcfdde5\" data-id=\"dcfdde5\" data-element_type=\"column\">\n\t\t\t<div class=\"elementor-widget-wrap elementor-element-populated\">\n\t\t\t\t\t\t<div class=\"elementor-element elementor-element-f2bd802 elementor-widget elementor-widget-heading\" data-id=\"f2bd802\" data-element_type=\"widget\" data-widget_type=\"heading.default\">\n\t\t\t\t<div class=\"elementor-widget-container\">\n\t\t\t\t\t<h2 class=\"elementor-heading-title elementor-size-default\">Juri Plus : des services autour des march\u00e9s publics pour tous les secteurs d\u2019activit\u00e9s <\/h2>\t\t\t\t<\/div>\n\t\t\t\t<\/div>\n\t\t\t\t<div class=\"elementor-element elementor-element-e1d68e6 elementor-widget elementor-widget-text-editor\" data-id=\"e1d68e6\" data-element_type=\"widget\" data-widget_type=\"text-editor.default\">\n\t\t\t\t<div class=\"elementor-widget-container\">\n\t\t\t\t\t\t\t\t\t<p>L\u2019industrie, l\u2019agroalimentaire, le milieu culturel et artistique, le b\u00e2timent, l\u2019informatique, les assurances, l\u2019\u00e9v\u00e9nementiel, la restauration, le secteur m\u00e9dical, les services \u00e0 la personne sont autant de secteurs d\u2019activit\u00e9s <strong>concern\u00e9s par les appels d\u2019<\/strong><strong>offres<\/strong> et les <strong>appels \u00e0 projets<\/strong>. Juri Plus intervient pour le compte de toutes les personnes qui souhaitent b\u00e9n\u00e9ficier d\u2019<strong>une expertise en droit public et en march\u00e9 <\/strong><strong>public<\/strong>. D\u00e9couvrez les services propos\u00e9s\u00a0:<\/p>\t\t\t\t\t\t\t\t<\/div>\n\t\t\t\t<\/div>\n\t\t\t\t<section class=\"elementor-section elementor-inner-section elementor-element elementor-element-bbdec37 elementor-section-boxed elementor-section-height-default elementor-section-height-default\" data-id=\"bbdec37\" data-element_type=\"section\">\n\t\t\t\t\t\t<div class=\"elementor-container elementor-column-gap-default\">\n\t\t\t\t\t<div class=\"elementor-column elementor-col-33 elementor-inner-column elementor-element elementor-element-5361581\" data-id=\"5361581\" data-element_type=\"column\">\n\t\t\t<div class=\"elementor-widget-wrap elementor-element-populated\">\n\t\t\t\t\t\t<div class=\"elementor-element elementor-element-2973145 elementor-flip-box--effect-slide elementor-flip-box--direction-up elementor-widget elementor-widget-flip-box\" data-id=\"2973145\" data-element_type=\"widget\" data-widget_type=\"flip-box.default\">\n\t\t\t\t<div class=\"elementor-widget-container\">\n\t\t\t\t\t\t\t<div class=\"elementor-flip-box\" tabindex=\"0\">\n\t\t\t<div class=\"elementor-flip-box__layer elementor-flip-box__front\">\n\t\t\t\t<div class=\"elementor-flip-box__layer__overlay\">\n\t\t\t\t\t<div class=\"elementor-flip-box__layer__inner\">\n\t\t\t\t\t\t\n\t\t\t\t\t\t\n\t\t\t\t\t\t\t\t\t\t\t\t\t<div class=\"elementor-flip-box__layer__description\">\n\t\t\t\t\t\t\t\tPour les entreprises TPE\/PME, associations 1901 et collectivit\u00e9s locales\n<br\/>\n\nAide et assistance \u00e0 la passation d\u2019un march\u00e9 public \n\t\t\t\t\t\t\t<\/div>\n\t\t\t\t\t\t\t\t\t\t\t<\/div>\n\t\t\t\t<\/div>\n\t\t\t<\/div>\n\t\t\t<div class=\"elementor-flip-box__layer elementor-flip-box__back\">\n\t\t\t<div class=\"elementor-flip-box__layer__overlay\">\n\t\t\t\t<div class=\"elementor-flip-box__layer__inner\">\n\t\t\t\t\t\n\t\t\t\t\t\n\t\t\t\t\t\t\t\t\t\t\t<a class=\"elementor-flip-box__button elementor-button elementor-size-sm\" href=\"https:\/\/www.juriplus.pro\/index.php\/aide-et-assistance-a-la-passation-de-vos-marches-publics\/\">\n\t\t\t\t\t\t\tJe souhaite \u00eatre assist\u00e9\t\t\t\t\t\t<\/a>\n\t\t\t\t\t\t\t\t<\/div>\n\t\t<\/div>\n\t\t<\/div>\n\t\t<\/div>\n\t\t\t\t\t\t<\/div>\n\t\t\t\t<\/div>\n\t\t\t\t\t<\/div>\n\t\t<\/div>\n\t\t\t\t<div class=\"elementor-column elementor-col-33 elementor-inner-column elementor-element elementor-element-4e2d271\" data-id=\"4e2d271\" data-element_type=\"column\">\n\t\t\t<div class=\"elementor-widget-wrap elementor-element-populated\">\n\t\t\t\t\t\t<div class=\"elementor-element elementor-element-86086e6 elementor-flip-box--effect-slide elementor-flip-box--direction-up elementor-widget elementor-widget-flip-box\" data-id=\"86086e6\" data-element_type=\"widget\" data-widget_type=\"flip-box.default\">\n\t\t\t\t<div class=\"elementor-widget-container\">\n\t\t\t\t\t\t\t<div class=\"elementor-flip-box\" tabindex=\"0\">\n\t\t\t<div class=\"elementor-flip-box__layer elementor-flip-box__front\">\n\t\t\t\t<div class=\"elementor-flip-box__layer__overlay\">\n\t\t\t\t\t<div class=\"elementor-flip-box__layer__inner\">\n\t\t\t\t\t\t\n\t\t\t\t\t\t\n\t\t\t\t\t\t\t\t\t\t\t\t\t<div class=\"elementor-flip-box__layer__description\">\n\t\t\t\t\t\t\t\tPour qui les soci\u00e9t\u00e9s priv\u00e9es, ind\u00e9pendants et associations\n\n<br\/>\nConseils en positionnement strat\u00e9gique pour remporter un march\u00e9 public \n\t\t\t\t\t\t\t<\/div>\n\t\t\t\t\t\t\t\t\t\t\t<\/div>\n\t\t\t\t<\/div>\n\t\t\t<\/div>\n\t\t\t<div class=\"elementor-flip-box__layer elementor-flip-box__back\">\n\t\t\t<div class=\"elementor-flip-box__layer__overlay\">\n\t\t\t\t<div class=\"elementor-flip-box__layer__inner\">\n\t\t\t\t\t\n\t\t\t\t\t\n\t\t\t\t\t\t\t\t\t\t\t<a class=\"elementor-flip-box__button elementor-button elementor-size-sm\" href=\"https:\/\/www.juriplus.pro\/index.php\/conseils-aux-entreprises-dans-leur-positionnement-strategique\/\">\n\t\t\t\t\t\t\tJe souhaite \u00eatre conseill\u00e9\t\t\t\t\t\t<\/a>\n\t\t\t\t\t\t\t\t<\/div>\n\t\t<\/div>\n\t\t<\/div>\n\t\t<\/div>\n\t\t\t\t\t\t<\/div>\n\t\t\t\t<\/div>\n\t\t\t\t\t<\/div>\n\t\t<\/div>\n\t\t\t\t<div class=\"elementor-column elementor-col-33 elementor-inner-column elementor-element elementor-element-5f0bfa1\" data-id=\"5f0bfa1\" data-element_type=\"column\">\n\t\t\t<div class=\"elementor-widget-wrap elementor-element-populated\">\n\t\t\t\t\t\t<div class=\"elementor-element elementor-element-d985a6a elementor-flip-box--effect-slide elementor-flip-box--direction-up elementor-widget elementor-widget-flip-box\" data-id=\"d985a6a\" data-element_type=\"widget\" data-widget_type=\"flip-box.default\">\n\t\t\t\t<div class=\"elementor-widget-container\">\n\t\t\t\t\t\t\t<div class=\"elementor-flip-box\" tabindex=\"0\">\n\t\t\t<div class=\"elementor-flip-box__layer elementor-flip-box__front\">\n\t\t\t\t<div class=\"elementor-flip-box__layer__overlay\">\n\t\t\t\t\t<div class=\"elementor-flip-box__layer__inner\">\n\t\t\t\t\t\t\n\t\t\t\t\t\t\n\t\t\t\t\t\t\t\t\t\t\t\t\t<div class=\"elementor-flip-box__layer__description\">\n\t\t\t\t\t\t\t\tPour les entreprises priv\u00e9es et acteurs publics\n<br\/>\nFormations individuelles en droit public et march\u00e9s publics \n\t\t\t\t\t\t\t<\/div>\n\t\t\t\t\t\t\t\t\t\t\t<\/div>\n\t\t\t\t<\/div>\n\t\t\t<\/div>\n\t\t\t<div class=\"elementor-flip-box__layer elementor-flip-box__back\">\n\t\t\t<div class=\"elementor-flip-box__layer__overlay\">\n\t\t\t\t<div class=\"elementor-flip-box__layer__inner\">\n\t\t\t\t\t\n\t\t\t\t\t\n\t\t\t\t\t\t\t\t\t\t\t<a class=\"elementor-flip-box__button elementor-button elementor-size-sm\" href=\"https:\/\/www.juriplus.pro\/index.php\/formation-en-droit-public-et-marches-publics\/\">\n\t\t\t\t\t\t\tJe souhaite \u00eatre form\u00e9\t\t\t\t\t\t<\/a>\n\t\t\t\t\t\t\t\t<\/div>\n\t\t<\/div>\n\t\t<\/div>\n\t\t<\/div>\n\t\t\t\t\t\t<\/div>\n\t\t\t\t<\/div>\n\t\t\t\t\t<\/div>\n\t\t<\/div>\n\t\t\t\t\t<\/div>\n\t\t<\/section>\n\t\t\t\t\t<\/div>\n\t\t<\/div>\n\t\t\t\t\t<\/div>\n\t\t<\/section>\n\t\t\t\t<\/div>\n\t\t","protected":false},"excerpt":{"rendered":"<p>Jennifer ROUZIER Consultante juridique ind\u00e9pendante bas\u00e9e en Corr\u00e8ze Juri Plus est n\u00e9 d\u2019un constat simple. Toute entreprise, quelle que soit sa taille, ses statuts et son secteur d\u2019activit\u00e9, doit pouvoir disposer de conseils avis\u00e9s \u00e0 leur port\u00e9e en droit public. Ainsi, gr\u00e2ce aux services externalis\u00e9s que je vous propose \u00e0 travers Juri Plus, toutes les [&hellip;]<\/p>\n","protected":false},"author":1,"featured_media":0,"parent":0,"menu_order":0,"comment_status":"closed","ping_status":"closed","template":"","meta":{"footnotes":""},"class_list":["post-111","page","type-page","status-publish","hentry"],"_links":{"self":[{"href":"https:\/\/www.juriplus.pro\/index.php\/wp-json\/wp\/v2\/pages\/111","targetHints":{"allow":["GET"]}}],"collection":[{"href":"https:\/\/www.juriplus.pro\/index.php\/wp-json\/wp\/v2\/pages"}],"about":[{"href":"https:\/\/www.juriplus.pro\/index.php\/wp-json\/wp\/v2\/types\/page"}],"author":[{"embeddable":true,"href":"https:\/\/www.juriplus.pro\/index.php\/wp-json\/wp\/v2\/users\/1"}],"replies":[{"embeddable":true,"href":"https:\/\/www.juriplus.pro\/index.php\/wp-json\/wp\/v2\/comments?post=111"}],"version-history":[{"count":103,"href":"https:\/\/www.juriplus.pro\/index.php\/wp-json\/wp\/v2\/pages\/111\/revisions"}],"predecessor-version":[{"id":677,"href":"https:\/\/www.juriplus.pro\/index.php\/wp-json\/wp\/v2\/pages\/111\/revisions\/677"}],"wp:attachment":[{"href":"https:\/\/www.juriplus.pro\/index.php\/wp-json\/wp\/v2\/media?parent=111"}],"curies":[{"name":"wp","href":"https:\/\/api.w.org\/{rel}","templated":true}]}}