{"id":19,"date":"2022-01-17T12:13:41","date_gmt":"2022-01-17T11:13:41","guid":{"rendered":"https:\/\/www.juriplus.pro\/?page_id=19"},"modified":"2024-12-10T09:50:13","modified_gmt":"2024-12-10T08:50:13","slug":"conseils-aux-entreprises-dans-leur-positionnement-strategique","status":"publish","type":"page","link":"https:\/\/www.juriplus.pro\/index.php\/conseils-aux-entreprises-dans-leur-positionnement-strategique\/","title":{"rendered":"Conseils aux entreprises dans leur positionnement strat\u00e9gique"},"content":{"rendered":"\t\t<div data-elementor-type=\"wp-page\" data-elementor-id=\"19\" class=\"elementor elementor-19\" data-elementor-post-type=\"page\">\n\t\t\t\t\t\t<section class=\"elementor-section elementor-top-section elementor-element elementor-element-187d5e1 elementor-section-boxed elementor-section-height-default elementor-section-height-default\" data-id=\"187d5e1\" data-element_type=\"section\">\n\t\t\t\t\t\t<div class=\"elementor-container elementor-column-gap-default\">\n\t\t\t\t\t<div class=\"elementor-column elementor-col-50 elementor-top-column elementor-element elementor-element-9b1ce97\" data-id=\"9b1ce97\" data-element_type=\"column\" data-settings=\"{&quot;background_background&quot;:&quot;classic&quot;}\">\n\t\t\t<div class=\"elementor-widget-wrap elementor-element-populated\">\n\t\t\t\t\t\t<div class=\"elementor-element elementor-element-c84efbd elementor-widget elementor-widget-heading\" data-id=\"c84efbd\" data-element_type=\"widget\" data-widget_type=\"heading.default\">\n\t\t\t\t<div class=\"elementor-widget-container\">\n\t\t\t\t\t<h1 class=\"elementor-heading-title elementor-size-default\">Conseils aux entreprises dans leur positionnement strat\u00e9gique<\/h1>\t\t\t\t<\/div>\n\t\t\t\t<\/div>\n\t\t\t\t<div class=\"elementor-element elementor-element-2d375e6 elementor-widget elementor-widget-heading\" data-id=\"2d375e6\" data-element_type=\"widget\" data-widget_type=\"heading.default\">\n\t\t\t\t<div class=\"elementor-widget-container\">\n\t\t\t\t\t<h2 class=\"elementor-heading-title elementor-size-default\">Veille juridique pour cibler les march\u00e9s les plus adapt\u00e9s<\/h2>\t\t\t\t<\/div>\n\t\t\t\t<\/div>\n\t\t\t\t<div class=\"elementor-element elementor-element-61d4490 elementor-widget elementor-widget-text-editor\" data-id=\"61d4490\" data-element_type=\"widget\" data-widget_type=\"text-editor.default\">\n\t\t\t\t<div class=\"elementor-widget-container\">\n\t\t\t\t\t\t\t\t\t<p>Vous en \u00eates conscient, tous les march\u00e9s publics ne sont pas faits pour votre entreprise. Mais alors quels types de march\u00e9s publics vous correspondent r\u00e9ellement\u00a0?<\/p><p>L\u2019analyse SWOT de vos forces et de vos faiblesses va me permettre d\u2019\u00e9tablir le <strong>profil de votre entreprise<\/strong> pour vous conseiller sur un <strong>positionnement strat\u00e9gique adapt\u00e9 vis-\u00e0-vis de la commande publique<\/strong>. L\u2019objectif est de trouver la meilleure ad\u00e9quation entre la taille de votre entreprise et le type de march\u00e9 pour une meilleure rentabilit\u00e9.<\/p><p>La seconde \u00e9tape est la mise en place d\u2019une <strong>veille quotidienne sur les march\u00e9s publics <\/strong>\u00a0selon des crit\u00e8res r\u00e9fl\u00e9chis et pr\u00e9cis\u00a0:<\/p><ul><li>la taille, les effectifs, l\u2019activit\u00e9 et le secteur d\u2019intervention de votre entreprise<\/li><li>l\u2019objet et les conditions du march\u00e9\u00a0: travaux, fournitures, services<\/li><li>la proc\u00e9dure et le seuil du march\u00e9\u00a0: n\u00e9goci\u00e9e, adapt\u00e9e ou formalis\u00e9e<\/li><li>la technique d\u2019achat\u00a0: accords-cadres, concours, march\u00e9 \u00e0 tranches, etc.<\/li><li>le volume ou l\u2019estimation propos\u00e9s<\/li><\/ul><p>\u00a0<\/p><p>Pour gagner encore plus de temps, je vous aide aussi dans le <strong>d\u00e9cryptage du Dossier de Consultation des Entreprises (DCE) que vous aurez cibl\u00e9 gr\u00e2ce \u00e0 la veille.<\/strong> Ma <strong>fiche synth\u00e8se<\/strong>\u00a0vous indiquera les <strong>pi\u00e8ces \u00e0 constituer, <\/strong>les avantages de l\u2019offre pour votre entreprise et les points sur lesquels vous devez \u00eatre vigilants. Je listerai aussi les <strong>crit\u00e8res importants <\/strong>sur lesquels vous devrez travailler en priorit\u00e9 pour <em>r\u00e9diger votre r\u00e9ponse<\/em> <em>(clic vers page assistance march\u00e9s publics) <\/em>de mani\u00e8re autonome, et cela, en phase avec ce que l\u2019acheteur public attend.<\/p>\t\t\t\t\t\t\t\t<\/div>\n\t\t\t\t<\/div>\n\t\t\t\t\t<\/div>\n\t\t<\/div>\n\t\t\t\t<div class=\"elementor-column elementor-col-50 elementor-top-column elementor-element elementor-element-b362146\" data-id=\"b362146\" data-element_type=\"column\">\n\t\t\t<div class=\"elementor-widget-wrap elementor-element-populated\">\n\t\t\t\t\t\t<div class=\"elementor-element elementor-element-fda4abc elementor-absolute elementor-widget elementor-widget-image\" data-id=\"fda4abc\" data-element_type=\"widget\" data-settings=\"{&quot;_position&quot;:&quot;absolute&quot;}\" data-widget_type=\"image.default\">\n\t\t\t\t<div class=\"elementor-widget-container\">\n\t\t\t\t\t\t\t\t\t\t\t\t\t\t\t<img fetchpriority=\"high\" decoding=\"async\" width=\"768\" height=\"1152\" src=\"https:\/\/www.juriplus.pro\/wp-content\/uploads\/2024\/12\/Jennifer-Brive-Juin-2024-21-768x1152.jpeg\" class=\"attachment-medium_large size-medium_large wp-image-642\" alt=\"\" srcset=\"https:\/\/www.juriplus.pro\/wp-content\/uploads\/2024\/12\/Jennifer-Brive-Juin-2024-21-768x1152.jpeg 768w, https:\/\/www.juriplus.pro\/wp-content\/uploads\/2024\/12\/Jennifer-Brive-Juin-2024-21-200x300.jpeg 200w, https:\/\/www.juriplus.pro\/wp-content\/uploads\/2024\/12\/Jennifer-Brive-Juin-2024-21-683x1024.jpeg 683w, https:\/\/www.juriplus.pro\/wp-content\/uploads\/2024\/12\/Jennifer-Brive-Juin-2024-21-1024x1536.jpeg 1024w, https:\/\/www.juriplus.pro\/wp-content\/uploads\/2024\/12\/Jennifer-Brive-Juin-2024-21-1365x2048.jpeg 1365w, https:\/\/www.juriplus.pro\/wp-content\/uploads\/2024\/12\/Jennifer-Brive-Juin-2024-21-scaled.jpeg 1707w\" sizes=\"(max-width: 768px) 100vw, 768px\" \/>\t\t\t\t\t\t\t\t\t\t\t\t\t\t\t<\/div>\n\t\t\t\t<\/div>\n\t\t\t\t\t<\/div>\n\t\t<\/div>\n\t\t\t\t\t<\/div>\n\t\t<\/section>\n\t\t\t\t<section class=\"elementor-section elementor-top-section elementor-element elementor-element-404e948 elementor-section-boxed elementor-section-height-default elementor-section-height-default\" data-id=\"404e948\" data-element_type=\"section\">\n\t\t\t\t\t\t<div class=\"elementor-container elementor-column-gap-default\">\n\t\t\t\t\t<div class=\"elementor-column elementor-col-50 elementor-top-column elementor-element elementor-element-d7ba0cd\" data-id=\"d7ba0cd\" data-element_type=\"column\" data-settings=\"{&quot;background_background&quot;:&quot;classic&quot;}\">\n\t\t\t<div class=\"elementor-widget-wrap elementor-element-populated\">\n\t\t\t\t\t\t<div class=\"elementor-element elementor-element-0428cd2 elementor-widget elementor-widget-heading\" data-id=\"0428cd2\" data-element_type=\"widget\" data-widget_type=\"heading.default\">\n\t\t\t\t<div class=\"elementor-widget-container\">\n\t\t\t\t\t<h3 class=\"elementor-heading-title elementor-size-default\">Audit de vos proc\u00e9d\u00e9s de r\u00e9ponses et de votre organisation <\/h3>\t\t\t\t<\/div>\n\t\t\t\t<\/div>\n\t\t\t\t<div class=\"elementor-element elementor-element-532dd48 elementor-widget-divider--view-line elementor-widget elementor-widget-divider\" data-id=\"532dd48\" data-element_type=\"widget\" data-widget_type=\"divider.default\">\n\t\t\t\t<div class=\"elementor-widget-container\">\n\t\t\t\t\t\t\t<div class=\"elementor-divider\">\n\t\t\t<span class=\"elementor-divider-separator\">\n\t\t\t\t\t\t<\/span>\n\t\t<\/div>\n\t\t\t\t\t\t<\/div>\n\t\t\t\t<\/div>\n\t\t\t\t<div class=\"elementor-element elementor-element-6584c96 elementor-widget elementor-widget-text-editor\" data-id=\"6584c96\" data-element_type=\"widget\" data-widget_type=\"text-editor.default\">\n\t\t\t\t<div class=\"elementor-widget-container\">\n\t\t\t\t\t\t\t\t\t<p>Vous n\u2019avez pas \u00e9t\u00e9 retenu \u00e0 un ou plusieurs appels d\u2019offres. C\u2019est important de comprendre pourquoi. <strong>S\u2019appuyer sur un regard ext\u00e9rieur et professionnel <\/strong>est un atout pour prendre de la hauteur. Transmettez-moi vos dossiers de candidatures et ceux des appels d\u2019offres. Je r\u00e9alise une <strong>analyse approfondie de vos offres<\/strong> et <strong>des m\u00e9moires techniques<\/strong>. Au besoin, je me rapprocherai de l\u2019acheteur public pour v\u00e9rifier son analyse.\u00a0<\/p><p>L\u2019objectif de l\u2019audit est de tirer des conclusions positives pour vous <strong>apporter des recommandations strat\u00e9giques\u00a0: <\/strong><\/p><ol><li><strong>Sur la m\u00e9thode de construction de vos r\u00e9<\/strong><strong>ponses<\/strong>. Comment proc\u00e8de-t-on pour r\u00e9pondre\u00a0? Quels outils pourrait-on mettre en place\u00a0? Le m\u00e9moire technique est-il bien construit\u00a0?<\/li><li><strong>Sur votre organisation en interne<\/strong>. Qui fait quoi au sein de votre \u00e9quipe\u00a0? Le temps consacr\u00e9 aux march\u00e9s publics fait-il partie des fiches de poste de vos collaborateurs\u00a0? Quels proc\u00e9d\u00e9s pourraient simplifier vos m\u00e9thodes de travail\u00a0?<\/li><\/ol>\t\t\t\t\t\t\t\t<\/div>\n\t\t\t\t<\/div>\n\t\t\t\t\t<\/div>\n\t\t<\/div>\n\t\t\t\t<div class=\"elementor-column elementor-col-50 elementor-top-column elementor-element elementor-element-d925337\" data-id=\"d925337\" data-element_type=\"column\">\n\t\t\t<div class=\"elementor-widget-wrap elementor-element-populated\">\n\t\t\t\t\t\t<div class=\"elementor-element elementor-element-97e7ba5 elementor-absolute elementor-widget elementor-widget-image\" data-id=\"97e7ba5\" data-element_type=\"widget\" data-settings=\"{&quot;_position&quot;:&quot;absolute&quot;}\" data-widget_type=\"image.default\">\n\t\t\t\t<div class=\"elementor-widget-container\">\n\t\t\t\t\t\t\t\t\t\t\t\t\t\t\t<img decoding=\"async\" width=\"768\" height=\"1152\" src=\"https:\/\/www.juriplus.pro\/wp-content\/uploads\/2024\/12\/Jennifer-Brive-Juin-2024-28-768x1152.jpeg\" class=\"attachment-medium_large size-medium_large wp-image-644\" alt=\"\" srcset=\"https:\/\/www.juriplus.pro\/wp-content\/uploads\/2024\/12\/Jennifer-Brive-Juin-2024-28-768x1152.jpeg 768w, https:\/\/www.juriplus.pro\/wp-content\/uploads\/2024\/12\/Jennifer-Brive-Juin-2024-28-200x300.jpeg 200w, https:\/\/www.juriplus.pro\/wp-content\/uploads\/2024\/12\/Jennifer-Brive-Juin-2024-28-683x1024.jpeg 683w, https:\/\/www.juriplus.pro\/wp-content\/uploads\/2024\/12\/Jennifer-Brive-Juin-2024-28-1024x1536.jpeg 1024w, https:\/\/www.juriplus.pro\/wp-content\/uploads\/2024\/12\/Jennifer-Brive-Juin-2024-28-1365x2048.jpeg 1365w, https:\/\/www.juriplus.pro\/wp-content\/uploads\/2024\/12\/Jennifer-Brive-Juin-2024-28-scaled.jpeg 1707w\" sizes=\"(max-width: 768px) 100vw, 768px\" \/>\t\t\t\t\t\t\t\t\t\t\t\t\t\t\t<\/div>\n\t\t\t\t<\/div>\n\t\t\t\t\t<\/div>\n\t\t<\/div>\n\t\t\t\t\t<\/div>\n\t\t<\/section>\n\t\t\t\t<section class=\"elementor-section elementor-top-section elementor-element elementor-element-47c2337 elementor-section-boxed elementor-section-height-default elementor-section-height-default\" data-id=\"47c2337\" data-element_type=\"section\">\n\t\t\t\t\t\t<div class=\"elementor-container elementor-column-gap-default\">\n\t\t\t\t\t<div class=\"elementor-column elementor-col-50 elementor-top-column elementor-element elementor-element-59c1262\" data-id=\"59c1262\" data-element_type=\"column\" data-settings=\"{&quot;background_background&quot;:&quot;classic&quot;}\">\n\t\t\t<div class=\"elementor-widget-wrap elementor-element-populated\">\n\t\t\t\t\t\t<div class=\"elementor-element elementor-element-1e7c2c8 elementor-widget elementor-widget-heading\" data-id=\"1e7c2c8\" data-element_type=\"widget\" data-widget_type=\"heading.default\">\n\t\t\t\t<div class=\"elementor-widget-container\">\n\t\t\t\t\t<h3 class=\"elementor-heading-title elementor-size-default\">Cr\u00e9ation du m\u00e9moire technique : la pi\u00e8ce essentielle de votre dossier  <\/h3>\t\t\t\t<\/div>\n\t\t\t\t<\/div>\n\t\t\t\t<div class=\"elementor-element elementor-element-6b22dd2 elementor-widget-divider--view-line elementor-widget elementor-widget-divider\" data-id=\"6b22dd2\" data-element_type=\"widget\" data-widget_type=\"divider.default\">\n\t\t\t\t<div class=\"elementor-widget-container\">\n\t\t\t\t\t\t\t<div class=\"elementor-divider\">\n\t\t\t<span class=\"elementor-divider-separator\">\n\t\t\t\t\t\t<\/span>\n\t\t<\/div>\n\t\t\t\t\t\t<\/div>\n\t\t\t\t<\/div>\n\t\t\t\t<div class=\"elementor-element elementor-element-bff07f0 elementor-widget elementor-widget-text-editor\" data-id=\"bff07f0\" data-element_type=\"widget\" data-widget_type=\"text-editor.default\">\n\t\t\t\t<div class=\"elementor-widget-container\">\n\t\t\t\t\t\t\t\t\t<p>C\u2019est lors de la r\u00e9alisation d\u2019un audit que l\u2019on se rend g\u00e9n\u00e9ralement compte que le m\u00e9moire technique peut \u00eatre am\u00e9lior\u00e9. Pour mettre toutes les chances de votre c\u00f4t\u00e9 et gagner du temps, je vous aide dans la <strong>cr\u00e9ation ou la refonte de votre m\u00e9moire technique. <\/strong><\/p><p>Le <strong>m\u00e9moire technique<\/strong>, appel\u00e9 aussi la note m\u00e9thodologique, a vocation \u00e0 informer et \u00e0 convaincre l\u2019acheteur public. Il doit <strong>mettre en valeur votre savoir-faire <\/strong>pour lui montrer que vous avez toutes les comp\u00e9tences requises pour r\u00e9aliser la prestation qu\u2019il demande. Il est primordial de le soigner, car c\u2019est la <strong>pi\u00e8ce essentielle<\/strong> <strong>du dossier<\/strong>. Il doit, par cons\u00e9quent, refl\u00e9ter la meilleure image de votre entreprise.<\/p><p>Comment r\u00e9diger un m\u00e9moire technique ? Mon exp\u00e9rience, en tant qu\u2019acheteur, me permet de savoir avec pr\u00e9cision ce qui est attendu dans le m\u00e9moire technique. Je peux d\u00e9j\u00e0 simplement dire que nous devrons proposer un <strong>contenu de qualit\u00e9 qui pourra \u00eatre r\u00e9utilisable et qu\u2019il faudra savoir adapter selon les march\u00e9s auxquels vous r\u00e9<\/strong><strong>pondrez<\/strong>. Le m\u00e9moire technique doit permettre d\u2019appr\u00e9cier votre offre \u00e0 sa juste valeur.<\/p>\t\t\t\t\t\t\t\t<\/div>\n\t\t\t\t<\/div>\n\t\t\t\t\t<\/div>\n\t\t<\/div>\n\t\t\t\t<div class=\"elementor-column elementor-col-50 elementor-top-column elementor-element elementor-element-bb8e943\" data-id=\"bb8e943\" data-element_type=\"column\">\n\t\t\t<div class=\"elementor-widget-wrap\">\n\t\t\t\t\t\t\t<\/div>\n\t\t<\/div>\n\t\t\t\t\t<\/div>\n\t\t<\/section>\n\t\t\t\t<section class=\"elementor-section elementor-top-section elementor-element elementor-element-c98f4a3 elementor-section-boxed elementor-section-height-default elementor-section-height-default\" data-id=\"c98f4a3\" data-element_type=\"section\">\n\t\t\t\t\t\t<div class=\"elementor-container elementor-column-gap-default\">\n\t\t\t\t\t<div class=\"elementor-column elementor-col-100 elementor-top-column elementor-element elementor-element-0febae8\" data-id=\"0febae8\" data-element_type=\"column\">\n\t\t\t<div class=\"elementor-widget-wrap elementor-element-populated\">\n\t\t\t\t\t\t<div class=\"elementor-element elementor-element-d5b1a17 elementor-widget elementor-widget-heading\" data-id=\"d5b1a17\" data-element_type=\"widget\" data-widget_type=\"heading.default\">\n\t\t\t\t<div class=\"elementor-widget-container\">\n\t\t\t\t\t<h2 class=\"elementor-heading-title elementor-size-default\">Conseils avant l\u2019envoi de votre dossier de candidature <\/h2>\t\t\t\t<\/div>\n\t\t\t\t<\/div>\n\t\t\t\t<div class=\"elementor-element elementor-element-051e2ce elementor-widget elementor-widget-text-editor\" data-id=\"051e2ce\" data-element_type=\"widget\" data-widget_type=\"text-editor.default\">\n\t\t\t\t<div class=\"elementor-widget-container\">\n\t\t\t\t\t\t\t\t\t<p>Vous avez r\u00e9dig\u00e9 votre dossier de candidature, mais vous avez besoin de <strong>conseils strat\u00e9giques<\/strong>. Avant son envoi d\u00e9mat\u00e9rialis\u00e9, je proc\u00e8de \u00e0 la <strong>relecture compl\u00e8te de votre dossier<\/strong>. J\u2019analyse le fond et la forme. L\u2019objectif est de r\u00e9pondre conform\u00e9ment au cahier des charges de l\u2019appel d\u2019offres en respectant les exigences de l\u2019acheteur pour ne pas \u00eatre \u00e9limin\u00e9.<\/p><p>Vous b\u00e9n\u00e9ficierez de mes conseils en r\u00e9daction et d\u2019une <strong>analyse des forces et des faiblesses<\/strong> de toutes les pi\u00e8ces constitutives de votre dossier. Je vous apporte des pr\u00e9conisations sur la mani\u00e8re de r\u00e9diger en vue de <strong>s\u00e9curiser <\/strong>et de<strong> valoriser votre candidature. <\/strong><\/p>\t\t\t\t\t\t\t\t<\/div>\n\t\t\t\t<\/div>\n\t\t\t\t<div class=\"elementor-element elementor-element-c5157eb elementor-align-center elementor-widget elementor-widget-button\" data-id=\"c5157eb\" data-element_type=\"widget\" data-widget_type=\"button.default\">\n\t\t\t\t<div class=\"elementor-widget-container\">\n\t\t\t\t\t\t\t\t\t<div class=\"elementor-button-wrapper\">\n\t\t\t\t\t<a class=\"elementor-button elementor-button-link elementor-size-sm\" href=\"https:\/\/www.juriplus.pro\/index.php\/contact\/\">\n\t\t\t\t\t\t<span class=\"elementor-button-content-wrapper\">\n\t\t\t\t\t\t\t\t\t<span class=\"elementor-button-text\">Vous avez besoin de conseils strat\u00e9giques<\/span>\n\t\t\t\t\t<\/span>\n\t\t\t\t\t<\/a>\n\t\t\t\t<\/div>\n\t\t\t\t\t\t\t\t<\/div>\n\t\t\t\t<\/div>\n\t\t\t\t\t<\/div>\n\t\t<\/div>\n\t\t\t\t\t<\/div>\n\t\t<\/section>\n\t\t\t\t<\/div>\n\t\t","protected":false},"excerpt":{"rendered":"<p>Conseils aux entreprises dans leur positionnement strat\u00e9gique Veille juridique pour cibler les march\u00e9s les plus adapt\u00e9s Vous en \u00eates conscient, tous les march\u00e9s publics ne sont pas faits pour votre entreprise. Mais alors quels types de march\u00e9s publics vous correspondent r\u00e9ellement\u00a0? L\u2019analyse SWOT de vos forces et de vos faiblesses va me permettre d\u2019\u00e9tablir le [&hellip;]<\/p>\n","protected":false},"author":1,"featured_media":0,"parent":0,"menu_order":0,"comment_status":"closed","ping_status":"closed","template":"","meta":{"footnotes":""},"class_list":["post-19","page","type-page","status-publish","hentry"],"_links":{"self":[{"href":"https:\/\/www.juriplus.pro\/index.php\/wp-json\/wp\/v2\/pages\/19","targetHints":{"allow":["GET"]}}],"collection":[{"href":"https:\/\/www.juriplus.pro\/index.php\/wp-json\/wp\/v2\/pages"}],"about":[{"href":"https:\/\/www.juriplus.pro\/index.php\/wp-json\/wp\/v2\/types\/page"}],"author":[{"embeddable":true,"href":"https:\/\/www.juriplus.pro\/index.php\/wp-json\/wp\/v2\/users\/1"}],"replies":[{"embeddable":true,"href":"https:\/\/www.juriplus.pro\/index.php\/wp-json\/wp\/v2\/comments?post=19"}],"version-history":[{"count":61,"href":"https:\/\/www.juriplus.pro\/index.php\/wp-json\/wp\/v2\/pages\/19\/revisions"}],"predecessor-version":[{"id":651,"href":"https:\/\/www.juriplus.pro\/index.php\/wp-json\/wp\/v2\/pages\/19\/revisions\/651"}],"wp:attachment":[{"href":"https:\/\/www.juriplus.pro\/index.php\/wp-json\/wp\/v2\/media?parent=19"}],"curies":[{"name":"wp","href":"https:\/\/api.w.org\/{rel}","templated":true}]}}